{"id":441,"date":"2026-08-23T13:54:15","date_gmt":"2026-08-23T13:54:15","guid":{"rendered":"https:\/\/blaesius.net\/?page_id=441"},"modified":"2026-08-31T13:53:29","modified_gmt":"2026-08-31T13:53:29","slug":"vernetzung","status":"publish","type":"page","link":"https:\/\/blaesius.net\/gb\/vernetzung\/","title":{"rendered":"Vernetzung"},"content":{"rendered":"\n<p class=\"wp-block-paragraph\"><strong>Politische Kontakte<\/strong><\/p>\n\n\n\n<p class=\"wp-block-paragraph\">Ich bin in keiner Partei, versuche aber \u00fcber politische Kontakte auf Risiken in Zusammenhang mit K\u00fcnstlicher Intelligenz und Atomwaffen hinzuweisen. Kontakte hatte ich mit Bundestagsabgeordneten der Parteien CDU, FDP, Gr\u00fcne, Linke und SPD.<\/p>\n\n\n\n<p class=\"wp-block-paragraph\">Aufgrund regelm\u00e4\u00dfiger Kontakte bin ich im <a href=\"https:\/\/www.lobbyregister.bundestag.de\/suche\/R004707\">Lobbyregister des Bundestages<\/a> eingetragen. <\/p>\n\n\n\n<p class=\"wp-block-paragraph\">Im M\u00e4rz 2024 war ich als Sachverst\u00e4ndiger in eine Sitzung eines Unterausschusses des Bundestages eingeladen, <a href=\"https:\/\/www.bundestag.de\/resource\/blob\/993590\/TO-22-Sitzung-21-03-2024.pdf\">Tagesordnung dieser Sitzung<\/a><\/p>\n\n\n\n<p class=\"wp-block-paragraph\"><strong>Mitgliedschaften<\/strong><\/p>\n\n\n\n<ul class=\"wp-block-list\">\n<li>GI &#8211; Gesellschaft f\u00fcr Informatik e.V.<\/li>\n\n\n\n<li>VDW &#8211; Vereinigung deutscher Wissenschafter e.V.<\/li>\n\n\n\n<li>FIfF &#8211; Forum InformatikerInnen f\u00fcr Frieden und gesellschaftliche Verantwortung e.V.<\/li>\n\n\n\n<li>IMI &#8211; Informationsstelle Militarisierung e.V:<\/li>\n\n\n\n<li>PPNW &#8211; Internationale \u00c4rzt*innen f\u00fcr die Verh\u00fctung des Atomkriegs<\/li>\n\n\n\n<li>GSP &#8211; Gesellschaft f\u00fcr Sicherheitspolitik e.V.<\/li>\n\n\n\n<li>WIFIS &#8211; Wissenschaftliches Forum f\u00fcr Internationale Sicherheit e.V:<\/li>\n\n\n\n<li>F\u00f6rderverein Frieden e.V.<\/li>\n\n\n\n<li>Wissenschaft und Frieden<\/li>\n<\/ul>\n\n\n\n<p class=\"wp-block-paragraph\"><strong>Kooperationen<\/strong><\/p>\n\n\n\n<p class=\"wp-block-paragraph\">Wissenschaftlicher Beirat des Erhard-Eppler-Kreises (untere H\u00e4lfte von <a href=\"https:\/\/www.erhard-eppler-kreis.de\/uber-uns\/\">https:\/\/www.erhard-eppler-kreis.de\/uber-uns\/<\/a>)<\/p>\n\n\n\n<p class=\"wp-block-paragraph\"><a href=\"https:\/\/www.alternativerwestfaelischerfriedenspreis.de\/jury\">Jury<\/a> von Alternativer Westf\u00e4lischer Friedenspreis<\/p>\n\n\n\n<p class=\"wp-block-paragraph\"><strong>Medien<\/strong><\/p>\n\n\n\n<p class=\"wp-block-paragraph\">Links zu Beitr\u00e4gen in den Medien gibt es unter &#8220;Links-Videos&#8221; und &#8220;Ver\u00f6ffentlichungen&#8221;, weitere Medienbeitr\u00e4ge:<\/p>\n\n\n\n<p class=\"wp-block-paragraph\">Kolumne in Saarbr\u00fccker Zeitung und Trierischer Volksfreund, jeweils Seite 4, bisher erschienen:<\/p>\n\n\n\n<ul class=\"wp-block-list\">\n<li>8.4.2026: Die KI \u2013 Ein Versuch an der Menschheit<\/li>\n\n\n\n<li>29.4.2026: Wenn die KI Kriege f\u00fchrt<\/li>\n\n\n\n<li>27.5.2026: Unklare F\u00e4higkeiten<\/li>\n\n\n\n<li>15.7.2026: Bequem unsicher programmieren<\/li>\n\n\n\n<li>12.8.2026: Wenn Drohnen autonom t\u00f6ten<\/li>\n<\/ul>\n","protected":false},"excerpt":{"rendered":"<p>Politische Kontakte Ich bin in keiner Partei, versuche aber \u00fcber politische Kontakte auf Risiken in Zusammenhang mit K\u00fcnstlicher Intelligenz und Atomwaffen hinzuweisen. Kontakte hatte ich mit Bundestagsabgeordneten der Parteien CDU, FDP, Gr\u00fcne, Linke und SPD. Aufgrund regelm\u00e4\u00dfiger Kontakte bin ich im Lobbyregister des Bundestages eingetragen. Im M\u00e4rz 2024 war ich als Sachverst\u00e4ndiger in eine Sitzung [&hellip;]<\/p>\n","protected":false},"author":1,"featured_media":0,"parent":0,"menu_order":0,"comment_status":"closed","ping_status":"closed","template":"","meta":{"footnotes":""},"class_list":["post-441","page","type-page","status-publish","hentry","post-preview"],"translation":{"provider":"WPGlobus","version":"3.0.5","language":"gb","enabled_languages":["de","gb"],"languages":{"de":{"title":true,"content":true,"excerpt":false},"gb":{"title":false,"content":false,"excerpt":false}}},"_links":{"self":[{"href":"https:\/\/blaesius.net\/gb\/wp-json\/wp\/v2\/pages\/441","targetHints":{"allow":["GET"]}}],"collection":[{"href":"https:\/\/blaesius.net\/gb\/wp-json\/wp\/v2\/pages"}],"about":[{"href":"https:\/\/blaesius.net\/gb\/wp-json\/wp\/v2\/types\/page"}],"author":[{"embeddable":true,"href":"https:\/\/blaesius.net\/gb\/wp-json\/wp\/v2\/users\/1"}],"replies":[{"embeddable":true,"href":"https:\/\/blaesius.net\/gb\/wp-json\/wp\/v2\/comments?post=441"}],"version-history":[{"count":3,"href":"https:\/\/blaesius.net\/gb\/wp-json\/wp\/v2\/pages\/441\/revisions"}],"predecessor-version":[{"id":469,"href":"https:\/\/blaesius.net\/gb\/wp-json\/wp\/v2\/pages\/441\/revisions\/469"}],"wp:attachment":[{"href":"https:\/\/blaesius.net\/gb\/wp-json\/wp\/v2\/media?parent=441"}],"curies":[{"name":"wp","href":"https:\/\/api.w.org\/{rel}","templated":true}]}}